{"id":321,"date":"2018-05-08T09:56:59","date_gmt":"2018-05-08T07:56:59","guid":{"rendered":"http:\/\/schlau-rlp.de\/?page_id=321"},"modified":"2021-04-16T15:44:41","modified_gmt":"2021-04-16T13:44:41","slug":"datenschutzerklaerung","status":"publish","type":"page","link":"https:\/\/schlau-rlp.de\/?page_id=321","title":{"rendered":"Datenschutz"},"content":{"rendered":"<div class=\"col-md-9 dmbs-main\">\n<p class=\"has-large-font-size\"><strong>Datenschutzerkl\u00e4rung<\/strong><\/p>\n<p>Herzlichen Dank f\u00fcr deinen Besuch auf unserer Webseite von SCHLAU RLP . Wir legen einen besonderen Wert auf den Schutz deiner Daten. Daher ist eine Benutzung dieser Seite grunds\u00e4tzlich ohne jede Angabe von personenbezogenen Daten m\u00f6glich. Jedoch gibt es verschiedene Angebote, bei denen eine Verarbeitung von personenbezogenen Daten erforderlich werden. Sollte f\u00fcr eine solche Verarbeitung keine gesetzliche Grundlage bestehen, holen wir generell eine Einwilligung bei dir ein.<\/p>\n<p>Wir verarbeiten personenbezogene Daten (z.B. Name, Anschrift, E-Mail-Adresse etc.) stets nach Vorgaben der Datenschutzgrundverordnung (nachfolgend \u201eDSGVO\u201c genannt) sowie den landesspezifischen Datenschutzbestimmungen, die f\u00fcr SCHLAU RLP g\u00fcltig sind. Daher informieren wir dich, welche Daten wir bei deinem Besuch dieser Webseite erheben. Au\u00dferdem kl\u00e4ren wir dich \u00fcber deine zustehenden Rechte auf und verweisen in Klammern auf die Rechtsgrundlage. Eine explizite Datenschutzinformation findest du au\u00dferdem am Ende dieser Erkl\u00e4rung in PDF-Form.<\/p>\n<p class=\"has-medium-font-size\"><strong>Begriffserkl\u00e4rung<\/strong><\/p>\n<p>F\u00fcr unsere Datenschutzerkl\u00e4rung nutzen wir fachspezifische Begrifflichkeiten. Um dir eine m\u00f6glichst einfache Lesbarkeit zu bieten, erkl\u00e4ren wir kurz unsere genutzten Begriffe. Diese Begriffserkl\u00e4rung stammt in Ausz\u00fcgen aus der DSGVO und erhebt keinen Anspruch auf Vollst\u00e4ndigkeit. Eine vollst\u00e4ndige Begriffserkl\u00e4rung findest du hier:<\/p>\n<p><a href=\"https:\/\/eur-lex.europa.eu\/legalcontent\/DE\/TXT\/HTML\/?uri=CELEX:02016R0679-20160504\">https:\/\/eur-lex.europa.eu\/legalcontent\/DE\/TXT\/HTML\/?uri=CELEX:02016R0679-20160504<\/a><\/p>\n<ul>\n<li>\u201epersonenbezogene Daten\u201c alle Informationen, die sich auf eine identifizierte oder identifizierbare nat\u00fcrliche Person (im Folgenden \u201ebetroffene Person\u201c) beziehen; als identifizierbar wird eine nat\u00fcrliche Person angesehen, die direkt oder indirekt, insbesondere mittels Zuordnung zu einer Kennung wie einem Namen, zu einer Kennnummer, zu Standortdaten, zu einer Online-Kennung oder zu einem oder mehreren besonderen Merkmalen identifiziert werden kann, die Ausdruck der physischen, physiologischen, genetischen, psychischen, wirtschaftlichen, kulturellen oder sozialen Identit\u00e4t dieser nat\u00fcrlichen Person sind;<\/li>\n<li>\u201eVerarbeitung\u201c jeden mit oder ohne Hilfe automatisierter Verfahren ausgef\u00fchrten Vorgang oder jede solche Vorgangsreihe im Zusammenhang mit personenbezogenen Daten wie das Erheben, das Erfassen, die Organisation, das Ordnen, die Speicherung, die Anpassung oder Ver\u00e4nderung, das Auslesen, das Abfragen, die Verwendung, die Offenlegung durch \u00dcbermittlung, Verbreitung oder eine andere Form der Bereitstellung, den Abgleich oder die Verkn\u00fcpfung, die Einschr\u00e4nkung, das L\u00f6schen oder die Vernichtung;<\/li>\n<li>\u201eEinschr\u00e4nkung der Verarbeitung\u201c die Markierung gespeicherter personenbezogener Daten mit dem Ziel, ihre k\u00fcnftige Verarbeitung einzuschr\u00e4nken;<\/li>\n<li>\u201ePseudonymisierung\u201c die Verarbeitung personenbezogener Daten in einer Weise, dass die personenbezogenen Daten ohne Hinzuziehung zus\u00e4tzlicher Informationen nicht mehr einer spezifischen betroffenen Person zugeordnet werden k\u00f6nnen, sofern diese zus\u00e4tzlichen Informationen gesondert aufbewahrt werden und technischen und organisatorischen Ma\u00dfnahmen unterliegen, die gew\u00e4hrleisten, dass die personenbezogenen Daten nicht einer identifizierten oder identifizierbaren nat\u00fcrlichen Person zugewiesen werden;<\/li>\n<li>\u201eDateisystem\u201c jede strukturierte Sammlung personenbezogener Daten, die nach bestimmten Kriterien zug\u00e4nglich sind, unabh\u00e4ngig davon, ob diese Sammlung zentral, dezentral oder nach funktionalen oder geografischen Gesichtspunkten geordnet gef\u00fchrt wird;<\/li>\n<li>\u201eVerantwortlicher\u201c die nat\u00fcrliche oder juristische Person, Beh\u00f6rde, Einrichtung oder andere Stelle, die allein oder gemeinsam mit anderen \u00fcber die Zwecke und Mittel der Verarbeitung von personenbezogenen Daten entscheidet; sind die Zwecke und Mittel dieser Verarbeitung durch das Unionsrecht oder das Recht der Mitgliedstaaten vorgegeben, so k\u00f6nnen der Verantwortliche beziehungsweise die bestimmten Kriterien seiner Benennung nach dem Unionsrecht oder dem Recht der Mitgliedstaaten vorgesehen werden;<\/li>\n<li>\u201eAuftragsverarbeiter\u201c eine nat\u00fcrliche oder juristische Person, Beh\u00f6rde, Einrichtung oder andere Stelle, die personenbezogene Daten im Auftrag des Verantwortlichen verarbeitet;<\/li>\n<li>\u201eEmpf\u00e4nger\u201c eine nat\u00fcrliche oder juristische Person, Beh\u00f6rde, Einrichtung oder andere Stelle, denen personenbezogene Daten offengelegt werden, unabh\u00e4ngig davon, ob es sich bei ihr um einen Dritten handelt oder nicht.&nbsp;Beh\u00f6rden, die im Rahmen eines bestimmten Untersuchungsauftrags nach dem Unionsrecht oder dem Recht der Mitgliedstaaten m\u00f6glicherweise personenbezogene Daten erhalten, gelten jedoch nicht als Empf\u00e4nger; die Verarbeitung dieser Daten durch die genannten Beh\u00f6rden erfolgt im Einklang mit den geltenden Datenschutzvorschriften gem\u00e4\u00df den Zwecken der Verarbeitung;<\/li>\n<li>\u201eDritter\u201c eine nat\u00fcrliche oder juristische Person, Beh\u00f6rde, Einrichtung oder andere Stelle, au\u00dfer der betroffenen Person, dem Verantwortlichen, dem Auftragsverarbeiter und den Personen, die unter der unmittelbaren Verantwortung des Verantwortlichen oder des Auftragsverarbeiters befugt sind, die personenbezogenen Daten zu verarbeiten;<\/li>\n<li>\u201eEinwilligung\u201c der betroffenen Person jede freiwillig f\u00fcr den bestimmten Fall, in informierter Weise und unmissverst\u00e4ndlich abgegebene Willensbekundung in Form einer Erkl\u00e4rung oder einer sonstigen eindeutigen best\u00e4tigenden Handlung, mit der die betroffene Person zu verstehen gibt, dass sie mit der Verarbeitung der sie betreffenden personenbezogenen Daten einverstanden ist;<\/li>\n<\/ul>\n<p class=\"has-medium-font-size\"><strong>Allgemeine Hinweise zur Webseite &amp; Pflichtangaben zum Unternehmen<\/strong><\/p>\n<p>Wir haben als Verantwortliche_r zahlreiche Ma\u00dfnahmen ergriffen, um deinen Besuch auf dieser Webseite und eine eventuelle Verarbeitung deiner Daten zu sch\u00fctzen. Dennoch k\u00f6nnen wir dir keinen absoluten Schutz bieten, da Internetdienste grunds\u00e4tzlich von Sicherheitsl\u00fccken betroffen sein k\u00f6nnen. Daher kannst du uns selbstverst\u00e4ndlich deine Daten (sofern wir diese ben\u00f6tigen) auf einem von dir gew\u00e4hlten Weg zukommen lassen. Nachfolgend findest du die Kontaktdaten der verantwortlichen Stelle, die Kontaktdaten unseres Datenschutzbeauftragten, sowie Hinweise zur Sicherheit dieser Webseite.<\/p>\n<p class=\"has-medium-font-size\"><strong>Name und Anschrift des datenverarbeitenden Unternehmens<\/strong><\/p>\n<p>SCHLAU RLP<br \/>\nc\/o QueerNet RLP e.V.<\/p>\n<p>Hintere Bleiche 29<\/p>\n<\/div>\n<div class=\"col-md-9 dmbs-main\">55116 Mainz<br \/>\nDeutschland<\/p>\n<p>E-Mail: &nbsp;&nbsp;&nbsp;&nbsp;&nbsp;&nbsp;&nbsp;&nbsp;&nbsp;&nbsp;&nbsp;&nbsp;&nbsp;&nbsp; kontakt@queernet-rlp.de<\/p>\n<p>Webseite:&nbsp;&nbsp;&nbsp;&nbsp;&nbsp;&nbsp;&nbsp;&nbsp;&nbsp; www.queernet-rlp.de<\/p>\n<p><strong>Daten\u00fcbermittlung an Dritte<\/strong><\/p>\n<p>Wir \u00fcbermitteln deine Daten an Dritte nur, sofern es im Rahmen einer Vertragsabwicklung (z.B. an ein beauftragtes Kreditinstitut) notwendig ist oder du uns ausdr\u00fccklich deine Zustimmung daf\u00fcr gegeben hast. Eine Weitergabe deiner Daten an Dritte zum Zwecke der Werbung erfolgt nicht. Eine L\u00f6schung erfolgt nach dem Ablauf der gesetzlichen Aufbewahrungspflichten. (Rechtsgrundlage: Art. 6 Abs. 1 lit. b DSVGO)<\/p>\n<p class=\"has-medium-font-size\"><strong>Verlinkung auf Inhalte von Drittanbietern<\/strong><\/p>\n<p>Auf unserer Webseite findest du Verlinkungen auf Dienste und Inhalte von anderen Anbietern. Sobald du auf das entsprechende Symbol oder Link klickst, wirst du automatisch auf deren Seite weitergeleitet. Dabei \u00e4ndert sich die URL in deinem Browser. Wir \u00fcbernehmen keine Verantwortung f\u00fcr die erhobenen Daten und f\u00fcr deren Umgang auf diesen Webseiten, da wir keinen Einfluss auf diese Unternehmen haben. Wir haben f\u00fcr dich jedoch die verantwortlichen Stellen unserer Verlinkungen aufgelistet:<\/p>\n<p><strong>Facebook<\/strong><\/p>\n<p>Wir verlinken auf unsere Seite auf Facebook via Facebook-Symbol. Facebook ist ein soziales Netzwerk mit Sitz in den USA. Auf eine Einbettung von Facebook-Plug-Ins (\u201eShare\u201c-Button, \u201eGef\u00e4llt mir\u201c-Button u.\u00e4.) verzichten wir generell. Damit schlie\u00dfen wir aus, dass diese Facebook-Plug-Ins bei deinem Besuch unserer Seite bereits Daten sammeln, verarbeiten und ggf. Schattenprofile erstellen, obwohl du evtl. gar nicht bei Facebook bist. Zu einer solchen Art der Datenverarbeitung kann es aber kommen, solltest du aktiv die Verlinkung zu Facebook anklicken. Die Betreibergesellschaft von Facebook ist:<\/p>\n<p>Facebook Inc.<\/p>\n<p>1 Hacker Way<\/p>\n<p>Menlo Park<\/p>\n<p>CA 94025<\/p>\n<p>USA.<\/p>\n<p>F\u00fcr B\u00fcrger der Europ\u00e4ischen Union ist folgenden Gesellschaft f\u00fcr die Datenverarbeitung zust\u00e4ndig:<\/p>\n<p>Facebook Ireland Ltd.<\/p>\n<p>4 Grand Canal Square<\/p>\n<p>Grand Canal Harbour<\/p>\n<p>Dublin 2<\/p>\n<p>Ireland<\/p>\n<p>Datenschutzrichtlinie von Facebook: <a href=\"https:\/\/de-de.facebook.com\/about\/privacy\/\">https:\/\/de-de.facebook.com\/about\/privacy\/<\/a><\/p>\n<p>Opt-Out: <a href=\"https:\/\/www.facebook.com\/settings?tab=ads\">https:\/\/www.facebook.com\/settings?tab=ads<\/a><\/p>\n<p>Einhaltung des EU-Datenschutzes im Rahmen des Privacy Shields: <a href=\"https:\/\/www.privacyshield.gov\/participant?id=a2zt0000000GnywAAC&amp;status=Active\">https:\/\/www.privacyshield.gov\/participant?id=a2zt0000000GnywAAC&amp;status=Active<\/a><\/p>\n<p>Datenschutzrechtliche Bestimmungen von Facebook in Bezug auf die Nutzung unserer Fanpage: <a href=\"https:\/\/www.facebook.com\/legal\/terms\/page_controller_addendum\">https:\/\/www.facebook.com\/legal\/terms\/page_controller_addendum<\/a><\/p>\n<p><strong>Instagram<\/strong><\/p>\n<p>Wir haben auf dieser Webseite Verlinkungen (Symbol) zu Instagram eingebettet. Instagram ist ein soziales Netzwerk mit Sitz in den USA. Auf eine Einbettung von Instagram-Plug-Ins verzichten wir generell. Damit schlie\u00dfen wir aus, dass diese Instagram-Plug-Ins bei deinem Besuch unserer Seite bereits Daten sammeln, verarbeiten und ggf. Schattenprofile erstellen, obwohl du evtl. gar nicht bei Instagram bist. Zu einer solchen Art der Datenverarbeitung kann es aber kommen, solltest du aktiv die Verlinkung zu Instagram anklicken.<\/p>\n<p>Die Betreibergesellschaft von Instagram ist:<\/p>\n<p>Facebook Ireland Ltd.<\/p>\n<p>4 Grand Canal Square<\/p>\n<p>Grand Canal Harbour<\/p>\n<p>Dublin 2<\/p>\n<p>Ireland<\/p>\n<p>Datenschutzrichtlinien von Instagram: <a href=\"https:\/\/help.instagram.com\/519522125107875?helpref=page_content\">https:\/\/help.instagram.com\/519522125107875?helpref=page_content<\/a><br \/>\nOpt-Out: <a href=\"https:\/\/www.facebook.com\/settings?tab=ads\">https:\/\/www.facebook.com\/settings?tab=ads<\/a><br \/>\nEinhaltung des EU-Datenschutzes im Rahmen des Privacy Shields: <a href=\"https:\/\/www.privacyshield.gov\/participant?id=a2zt0000000GnywAAC&amp;status=Active\">https:\/\/www.privacyshield.gov\/participant?id=a2zt0000000GnywAAC&amp;status=Active<\/a><\/p>\n<p class=\"has-medium-font-size\"><strong>Plug-Ins und Tools von Drittanbietern<\/strong><\/p>\n<p>Verschiedene Onlineangebote werden \u00fcber die Videokonferenztools Microsoft Teams, sowie Zoom realisiert. Mit beiden Unternehmen wurde ein Auftragsverarbeitungsvertrag abgeschlossen.<\/p>\n<p class=\"has-medium-font-size\"><strong>Deine Rechte<\/strong><\/p>\n<p>Du hast das Recht auf<\/p>\n<ul>\n<li>Best\u00e4tigung<\/li>\n<li>Auskunft<\/li>\n<li>Berichtigung<\/li>\n<li>L\u00f6schung<\/li>\n<li>Einschr\u00e4nkung der Verarbeitung<\/li>\n<li>Daten\u00fcbertragbarkeit<\/li>\n<li>Widerspruch<\/li>\n<li>Widerruf der Einwilligung<\/li>\n<\/ul>\n<p>Zudem hast du ein Recht auf Beschwerde bei der zust\u00e4ndigen Aufsichtsbeh\u00f6rde, sollten wir gegen den Datenschutz versto\u00dfen.<\/p>\n<\/div>\n","protected":false},"excerpt":{"rendered":"<p>Datenschutzerkl\u00e4rung Herzlichen Dank f\u00fcr deinen Besuch auf unserer Webseite von SCHLAU RLP . Wir legen einen besonderen Wert auf den Schutz deiner Daten. Daher ist eine Benutzung dieser Seite grunds\u00e4tzlich ohne jede Angabe von personenbezogenen Daten m\u00f6glich. Jedoch gibt es verschiedene Angebote, bei denen eine Verarbeitung von personenbezogenen Daten erforderlich werden. Sollte f\u00fcr eine solche [&hellip;]<\/p>\n","protected":false},"author":8,"featured_media":0,"parent":2,"menu_order":0,"comment_status":"closed","ping_status":"closed","template":"","meta":{"spay_email":"","footnotes":""},"class_list":["post-321","page","type-page","status-publish","hentry"],"_links":{"self":[{"href":"https:\/\/schlau-rlp.de\/index.php?rest_route=\/wp\/v2\/pages\/321"}],"collection":[{"href":"https:\/\/schlau-rlp.de\/index.php?rest_route=\/wp\/v2\/pages"}],"about":[{"href":"https:\/\/schlau-rlp.de\/index.php?rest_route=\/wp\/v2\/types\/page"}],"author":[{"embeddable":true,"href":"https:\/\/schlau-rlp.de\/index.php?rest_route=\/wp\/v2\/users\/8"}],"replies":[{"embeddable":true,"href":"https:\/\/schlau-rlp.de\/index.php?rest_route=%2Fwp%2Fv2%2Fcomments&post=321"}],"version-history":[{"count":3,"href":"https:\/\/schlau-rlp.de\/index.php?rest_route=\/wp\/v2\/pages\/321\/revisions"}],"predecessor-version":[{"id":442,"href":"https:\/\/schlau-rlp.de\/index.php?rest_route=\/wp\/v2\/pages\/321\/revisions\/442"}],"up":[{"embeddable":true,"href":"https:\/\/schlau-rlp.de\/index.php?rest_route=\/wp\/v2\/pages\/2"}],"wp:attachment":[{"href":"https:\/\/schlau-rlp.de\/index.php?rest_route=%2Fwp%2Fv2%2Fmedia&parent=321"}],"curies":[{"name":"wp","href":"https:\/\/api.w.org\/{rel}","templated":true}]}}